{"id":3947,"date":"2023-02-01T20:25:33","date_gmt":"2023-02-01T19:25:33","guid":{"rendered":"https:\/\/paristribal.com\/?post_type=exposants_pt&#038;p=3947"},"modified":"2026-04-21T21:14:14","modified_gmt":"2026-04-21T20:14:14","slug":"galerie-schoffel-de-fabry","status":"publish","type":"exposants_pt","link":"http:\/\/paristribal.com\/en\/exposants_pt\/galerie-schoffel-de-fabry\/","title":{"rendered":"Schoffel de Fabry Gallery"},"content":{"rendered":"","protected":false},"featured_media":5018,"template":"","statut_exposant":[],"class_list":["post-3947","exposants_pt","type-exposants_pt","status-publish","has-post-thumbnail","hentry"],"acf":{"presentation_de_la_galerie":"La Galerie Schoffel de Fabry incarne depuis plus de 30 ans le renouveau d'une famille d'antiquaires d'Art Premier impliqu\u00e9s depuis les ann\u00e9es 60 et b\u00e9n\u00e9ficiant d'un rayonnement international. L'expertise des deux g\u00e9n\u00e9rations a contribu\u00e9 \u00e0 l'\u00e9laboration d'importantes collections, aussi bien priv\u00e9es qu'institutionnelles comme la Fondation Dapper, le Mus\u00e9e du Louvre, le mus\u00e9e Barbier-Muller, et plus r\u00e9cemment le Mus\u00e9e du Quai Branly, le Louvre Abu Dhabi, la Fondation Gandur. La galerie \u00e9tend son savoir dans les arts d'Oc\u00e9anie, d'Afrique, d'Am\u00e9rique du Nord et d'Asie du Sud-Est, mais aussi dans des investigations d'expositions transversales. Judith Schoffel de Fabry et Christophe de Fabry ont donn\u00e9, une orientation des plus dynamiques \u00e0 la galerie gr\u00e2ce \u00e0 ses expositions et ses publications historiques. La Galerie Schoffel de Fabry organise et participe \u00e0 de nombreuses expositions d'art in-situ et hors les murs comme notamment, Jackson Pollock et le chamanisme \u00e0 la Pinacoth\u00e8que de Paris en 2008, Victor Brauner et les arts primitifs, octobre 2010, Retour d'exp\u00e9dition au Mus\u00e9e de la Chasse et de la Nature en 2012. Depuis 2010 elle participait \u00e0 la BRAFA et au Parcours des mondes depuis son origine, KAOS septembre 2002. Judith Schoffel de Fabry a \u00e9t\u00e9 \u00e9lue en 2021 Pr\u00e9sidente de la CNE, La Compagnie Nationale des Experts en art.","informations_de_contact":"14 rue Gu\u00e9n\u00e9gaud, 75006 Paris\nT\u00e9l: +33 (0)1 43 26 83 38\nschoffeldefabry@gmail.com","photo_objet_1":4930,"titre_objet_1":"FOROWA \/ KUDUO AKAN","pays_objet_1":"GHANA, C\u00d4TE D'IVOIRE","description_objet_1":"Bronze - Alliage cuivreux\nDiam\u00e8tre: 19 cm - 7,48 in \/ Hauteur: 12,5 cm - 4,92 in\nProvenance: Sotheby's, Londres, 27 juin 1966, reproduit sous le lot 151. Charles Ratton\nPublication: C\u00f4te d'Ivoire premiers regards sur la sculpture 1850-1935, Bertrand Goy, 2012, page 15","catalogue":"","activer_catalogue":"Non","exposition_thematique":""},"_links":{"self":[{"href":"http:\/\/paristribal.com\/en\/wp-json\/wp\/v2\/exposants_pt\/3947","targetHints":{"allow":["GET"]}}],"collection":[{"href":"http:\/\/paristribal.com\/en\/wp-json\/wp\/v2\/exposants_pt"}],"about":[{"href":"http:\/\/paristribal.com\/en\/wp-json\/wp\/v2\/types\/exposants_pt"}],"wp:featuredmedia":[{"embeddable":true,"href":"http:\/\/paristribal.com\/en\/wp-json\/wp\/v2\/media\/5018"}],"wp:attachment":[{"href":"http:\/\/paristribal.com\/en\/wp-json\/wp\/v2\/media?parent=3947"}],"wp:term":[{"taxonomy":"statut_exposant","embeddable":true,"href":"http:\/\/paristribal.com\/en\/wp-json\/wp\/v2\/statut_exposant?post=3947"}],"curies":[{"name":"wp","href":"https:\/\/api.w.org\/{rel}","templated":true}]}}